{"id":9906,"date":"2026-05-26T22:26:26","date_gmt":"2021-11-08T13:49:21","guid":{"rendered":"https:\/\/dev.norkay.se\/clgshop\/product\/kerstis-fodelsedag-reproduktion\/"},"modified":"2026-08-11T11:51:31","modified_gmt":"2026-08-11T11:51:31","slug":"kerstis-fodelsedag-reproduktion","status":"publish","type":"product","link":"https:\/\/carllarsson.se\/shop\/product\/kerstis-fodelsedag-reproduktion\/","title":{"rendered":"Kerstis f\u00f6delsedag \u2013 Reproduktion"},"content":{"rendered":"<p>Akvarellen Kerstis f\u00f6delsedag m\u00e5lades 1909. Kersti, som fyllt 13 \u00e5r den 31 mars 1909, v\u00e4ntade med att ha sitt f\u00f6delsedagskalas samma \u00e5r p\u00e5 sommaren, d\u00e5 hon kunde bjuda in alla sina v\u00e4nner i Sundborn och ha kalas i tr\u00e4dg\u00e5rden d\u00e4r det var gott om plats. Kersti \u00e4r flickan l\u00e4ngst till h\u00f6ger och fr\u00e5n v\u00e4nster sitter Brita Hellberg, Elna G\u00e4fvert, Ingrid Eriksson, Aina Hellberg, Svea Sundgren, Anna Runnstr\u00f6m och med ryggen mot Carl Larsson som m\u00e5lar av flickorna, sitter Ingrid Eriksson ytterligare en g\u00e5ng. Ingrid var dotter till Augusta Eriksson som hj\u00e4lpte Carl Larssons far och Larssons i hush\u00e5llet under flera \u00e5r. Brita och Aina Hellberg var tv\u00e5 av snickare Hellborgs m\u00e5nga barn och de f\u00f6rekommer p\u00e5 flera av Carl Larssons m\u00e5lningar.<\/p>\n<p>Flickorna \u00e4r h\u00e4r kl\u00e4dda i Sundbornsdr\u00e4kter som Karin sytt \u00e5t dem n\u00e4r de skulle t\u00e5ga genom staden p\u00e5 Barnens dag i Falun 1908. Carl och Karin var imponerade av den starka traditionen i Dalarna. Vintern 1890 bes\u00f6kte de Bingsj\u00f6 vilket gjorde ett starkt intryck p\u00e5 dem. Man ser tydligt att allmogetextiliernas form och f\u00e4rg \u00e4r en tydlig inspirationsk\u00e4lla som \u00e5terkommer i Karins textilier. Mer om Karins textilier finns att l\u00e4sa i boken Karin Larssons v\u00e4rld av Lena Rydin.<\/p>\n<p>M\u00e5tt: 45&#215;63 cm.<\/p>\n","protected":false},"excerpt":{"rendered":"<p>Reproduktion av Carl Larssons m\u00e5lning Kerstis f\u00f6delsedag.<\/p>\n","protected":false},"featured_media":11125,"template":"","meta":{"inline_featured_image":false},"product_cat":[74],"product_tag":[],"class_list":["post-9906","product","type-product","status-publish","has-post-thumbnail","product_cat-reproduktioner","first","instock","taxable","shipping-taxable","purchasable","product-type-simple"],"_links":{"self":[{"href":"https:\/\/carllarsson.se\/shop\/wp-json\/wp\/v2\/product\/9906","targetHints":{"allow":["GET"]}}],"collection":[{"href":"https:\/\/carllarsson.se\/shop\/wp-json\/wp\/v2\/product"}],"about":[{"href":"https:\/\/carllarsson.se\/shop\/wp-json\/wp\/v2\/types\/product"}],"wp:featuredmedia":[{"embeddable":true,"href":"https:\/\/carllarsson.se\/shop\/wp-json\/wp\/v2\/media\/11125"}],"wp:attachment":[{"href":"https:\/\/carllarsson.se\/shop\/wp-json\/wp\/v2\/media?parent=9906"}],"wp:term":[{"taxonomy":"product_cat","embeddable":true,"href":"https:\/\/carllarsson.se\/shop\/wp-json\/wp\/v2\/product_cat?post=9906"},{"taxonomy":"product_tag","embeddable":true,"href":"https:\/\/carllarsson.se\/shop\/wp-json\/wp\/v2\/product_tag?post=9906"}],"curies":[{"name":"wp","href":"https:\/\/api.w.org\/{rel}","templated":true}]}}